{"id":65,"date":"2020-03-25T12:17:08","date_gmt":"2020-03-25T11:17:08","guid":{"rendered":"http:\/\/sibenik-meteo.hr\/?page_id=65"},"modified":"2020-04-05T22:10:13","modified_gmt":"2020-04-05T20:10:13","slug":"proekti-i-suradnja","status":"publish","type":"page","link":"https:\/\/sibenik-meteo.hr\/index.php\/proekti-i-suradnja\/","title":{"rendered":"Projekti i suradnja"},"content":{"rendered":"\n<p>U godinama iza nas su brojni projekti koje smo odradili za op\u0107ine i gradove ili Turisti\u010dke zajednice kao \u0161to su: \u0160ibenik, Knin, Drni\u0161, Vodice, Rogoznica, Skradin, Pirovac, Tisno ali i za javne ustanove i gospodarske subjekte me\u0111u kojima su:   Institut Ru\u0111er Bo\u0161kovi\u0107, Zaklada Adris, Nacionalni park Krka, ACI, \u0160ibensko-kninska \u017eupanija, HNK Rijeka &#8211; Stadion Rujevica, Vodovod i kanalizacija Osijek, Sveu\u010dili\u0161te u Zadru, DVD Mu\u0107, O\u0160 u Kostanjama kod Omi\u0161a, Auto kamp Stobre\u010d, Planinarsko dru\u0161tvo Promina te vi\u0161e od 30 drugih.<\/p>\n\n\n\n<div class=\"wp-block-image\"><figure class=\"aligncenter\"><img loading=\"lazy\" decoding=\"async\" width=\"696\" height=\"519\" src=\"http:\/\/sibenik-meteo.hr\/wp-content\/uploads\/2020\/04\/agrometeo_miljevci.png\" alt=\"\" class=\"wp-image-636\" srcset=\"https:\/\/sibenik-meteo.hr\/wp-content\/uploads\/2020\/04\/agrometeo_miljevci.png 696w, https:\/\/sibenik-meteo.hr\/wp-content\/uploads\/2020\/04\/agrometeo_miljevci-300x224.png 300w\" sizes=\"auto, (max-width: 696px) 100vw, 696px\" \/><figcaption>Agrometeorolo\u0161ka postaja Miljevci, Sveu\u010dili\u0161te u Zadru<\/figcaption><\/figure><\/div>\n\n\n\n<p>U suradnji s Zavodom za istra\u017eivanje mora Instituta Ru\u0111er Bo\u0161kovi\u0107 realizirali smo na lokaciji Martinska kod \u0160ibenika prvu podvodnu kameru s u\u017eivom prijenosom slike u realnom vremenu, a s istim partnerom postavili smo i sonde za mjerenje temperature mora od 0,5 do 15m dubine, meteo postaje i panoramske kamere.<\/p>\n\n\n\n<div class=\"wp-block-image\"><figure class=\"aligncenter is-resized\"><img loading=\"lazy\" decoding=\"async\" src=\"http:\/\/sibenik-meteo.hr\/wp-content\/uploads\/2020\/04\/kornjaca_press_09072018-1024x576.jpg\" alt=\"\" class=\"wp-image-638\" width=\"684\" height=\"385\" srcset=\"https:\/\/sibenik-meteo.hr\/wp-content\/uploads\/2020\/04\/kornjaca_press_09072018-1024x576.jpg 1024w, https:\/\/sibenik-meteo.hr\/wp-content\/uploads\/2020\/04\/kornjaca_press_09072018-300x169.jpg 300w, https:\/\/sibenik-meteo.hr\/wp-content\/uploads\/2020\/04\/kornjaca_press_09072018-768x432.jpg 768w, https:\/\/sibenik-meteo.hr\/wp-content\/uploads\/2020\/04\/kornjaca_press_09072018.jpg 1200w\" sizes=\"auto, (max-width: 684px) 100vw, 684px\" \/><figcaption>Podvodna kamera Martinska, Institut Ru\u0111er Bo\u0161kovi\u0107<\/figcaption><\/figure><\/div>\n\n\n\n<p>Jedna od projektnih aktivnosti je i razvijanje GLOBE \u0161kola u zemlji pri \u010demu udruga sudjeluje kao partner koji osigurava monta\u017eu i odr\u017eavanje meteorolo\u0161ke opreme dok \u0161kole infrastrukturu. Meteorolo\u0161ke grupe u\u010denika uz asistenciju profesora izmjerene vrijednosti obra\u0111uju i razmjenjuju u sklopu svjetske Globe mre\u017ee \u010dime se kod  najmla\u0111e populacije razvija interes za znano\u0161\u0107u i \u0161iriti svijest o  potrebi za\u0161tite okoli\u0161a u vremenu sve o\u010ditijih promjena u klimi.  Udruga ve\u0107 ima iskustva sa  ovakvim projektima pa je jo\u0161 prije par godina u suradnji sa O\u0160 &#8220;Zadarski  otoci&#8221; u Zadru sudjelovala u realizaciji projekta \u010dime se ova \u0161kola  uklju\u010dila u Globe sustav, a pripomogla je i \u0161koli u Omi\u0161u. Instalirali smo opremu i u S\u0160 &#8220;Bra\u0107a Radi\u0107&#8221; u Ka\u0161tel  \u0160tafili\u0107u, O\u0160 Domovinske zahvalnosti u Kninu s podru\u010dnom \u0161kolom u Golubi\u0107u, O\u0160 Kistanje i O\u0160  <br>Jurja Dalmatinca u \u0160ibeniku.<\/p>\n\n\n\n<div class=\"wp-block-image\"><figure class=\"aligncenter is-resized\"><img loading=\"lazy\" decoding=\"async\" src=\"http:\/\/sibenik-meteo.hr\/wp-content\/uploads\/2020\/04\/knin_1.jpg\" alt=\"\" class=\"wp-image-640\" width=\"684\" height=\"512\" srcset=\"https:\/\/sibenik-meteo.hr\/wp-content\/uploads\/2020\/04\/knin_1.jpg 750w, https:\/\/sibenik-meteo.hr\/wp-content\/uploads\/2020\/04\/knin_1-300x225.jpg 300w\" sizes=\"auto, (max-width: 684px) 100vw, 684px\" \/><figcaption>O\u0160 Domovinske zahvalnosti Knin<\/figcaption><\/figure><\/div>\n\n\n\n<p><\/p>\n","protected":false},"excerpt":{"rendered":"<p>U godinama iza nas su brojni projekti koje smo odradili za op\u0107ine i gradove ili&#8230;<\/p>\n","protected":false},"author":1,"featured_media":0,"parent":0,"menu_order":0,"comment_status":"closed","ping_status":"closed","template":"","meta":{"_monsterinsights_skip_tracking":false,"_monsterinsights_sitenote_active":false,"_monsterinsights_sitenote_note":"","_monsterinsights_sitenote_category":0,"footnotes":""},"class_list":["post-65","page","type-page","status-publish","hentry"],"_links":{"self":[{"href":"https:\/\/sibenik-meteo.hr\/index.php\/wp-json\/wp\/v2\/pages\/65","targetHints":{"allow":["GET"]}}],"collection":[{"href":"https:\/\/sibenik-meteo.hr\/index.php\/wp-json\/wp\/v2\/pages"}],"about":[{"href":"https:\/\/sibenik-meteo.hr\/index.php\/wp-json\/wp\/v2\/types\/page"}],"author":[{"embeddable":true,"href":"https:\/\/sibenik-meteo.hr\/index.php\/wp-json\/wp\/v2\/users\/1"}],"replies":[{"embeddable":true,"href":"https:\/\/sibenik-meteo.hr\/index.php\/wp-json\/wp\/v2\/comments?post=65"}],"version-history":[{"count":20,"href":"https:\/\/sibenik-meteo.hr\/index.php\/wp-json\/wp\/v2\/pages\/65\/revisions"}],"predecessor-version":[{"id":5367,"href":"https:\/\/sibenik-meteo.hr\/index.php\/wp-json\/wp\/v2\/pages\/65\/revisions\/5367"}],"wp:attachment":[{"href":"https:\/\/sibenik-meteo.hr\/index.php\/wp-json\/wp\/v2\/media?parent=65"}],"curies":[{"name":"wp","href":"https:\/\/api.w.org\/{rel}","templated":true}]}}